{"id":959,"date":"2017-10-27T16:51:00","date_gmt":"2017-10-27T14:51:00","guid":{"rendered":"https:\/\/art.isabellekirsch.de\/?post_type=portfolio&#038;p=959"},"modified":"2021-12-03T10:45:38","modified_gmt":"2021-12-03T09:45:38","slug":"212-jahre","status":"publish","type":"portfolio","link":"https:\/\/art.isabellekirsch.de\/index.php\/portfolio-item\/212-jahre\/","title":{"rendered":"21,2 Jahre"},"content":{"rendered":"\t\t<div data-elementor-type=\"wp-post\" data-elementor-id=\"959\" class=\"elementor elementor-959\">\n\t\t\t\t\t\t<section class=\"elementor-section elementor-top-section elementor-element elementor-element-abf25df elementor-section-boxed elementor-section-height-default elementor-section-height-default\" data-id=\"abf25df\" data-element_type=\"section\" data-e-type=\"section\">\n\t\t\t\t\t\t<div class=\"elementor-container elementor-column-gap-default\">\n\t\t\t\t\t<div class=\"elementor-column elementor-col-100 elementor-top-column elementor-element elementor-element-d67b538\" data-id=\"d67b538\" data-element_type=\"column\" data-e-type=\"column\">\n\t\t\t<div class=\"elementor-widget-wrap elementor-element-populated\">\n\t\t\t\t\t\t<div class=\"elementor-element elementor-element-5e6c509 elementor-widget elementor-widget-mfn_gallery\" data-id=\"5e6c509\" data-element_type=\"widget\" data-e-type=\"widget\" data-widget_type=\"mfn_gallery.default\">\n\t\t\t\t<div class=\"elementor-widget-container\">\n\t\t\t\t\t\n\t\t\t<style type='text\/css'>\n\t\t\t\t#sc_gallery-1 {\n\t\t\t\t\tmargin: auto;\n\t\t\t\t}\n\t\t\t\t#sc_gallery-1 .gallery-item {\n\t\t\t\t\tfloat: left;\n\t\t\t\t\ttext-align: center;\n\t\t\t\t\twidth: 99.99%;\n\t\t\t\t}\n\t\t\t\t#sc_gallery-1 img {\n\t\t\t\t\tborder: 2px solid #cfcfcf;\n\t\t\t\t}\n\t\t\t\t\/* see sc_gallery() in functions\/theme-shortcodes.php *\/\n\t\t\t<\/style>\n\t\t<div id='sc_gallery-1' class='gallery galleryid-959 gallery-columns-1 gallery-size-large file element_classes gallery-default'><dl class='gallery-item'  data-title='21,2Jahre_Front' data-description=''><div class='gallery-item-wrapper'>\n\t\t\t\t<dt class='gallery-icon portrait'>\n\t\t\t\t\t<a href='https:\/\/art.isabellekirsch.de\/wp-content\/uploads\/2021\/11\/212Jahre_Front.jpg'><img fetchpriority=\"high\" decoding=\"async\" width=\"716\" height=\"1024\" src=\"https:\/\/art.isabellekirsch.de\/wp-content\/uploads\/2021\/11\/212Jahre_Front-716x1024.jpg\" class=\"attachment-large size-large\" alt=\"\" srcset=\"https:\/\/art.isabellekirsch.de\/wp-content\/uploads\/2021\/11\/212Jahre_Front-716x1024.jpg 716w, https:\/\/art.isabellekirsch.de\/wp-content\/uploads\/2021\/11\/212Jahre_Front-210x300.jpg 210w, https:\/\/art.isabellekirsch.de\/wp-content\/uploads\/2021\/11\/212Jahre_Front-768x1099.jpg 768w, https:\/\/art.isabellekirsch.de\/wp-content\/uploads\/2021\/11\/212Jahre_Front-1074x1536.jpg 1074w, https:\/\/art.isabellekirsch.de\/wp-content\/uploads\/2021\/11\/212Jahre_Front-102x146.jpg 102w, https:\/\/art.isabellekirsch.de\/wp-content\/uploads\/2021\/11\/212Jahre_Front-35x50.jpg 35w, https:\/\/art.isabellekirsch.de\/wp-content\/uploads\/2021\/11\/212Jahre_Front-52x75.jpg 52w, https:\/\/art.isabellekirsch.de\/wp-content\/uploads\/2021\/11\/212Jahre_Front.jpg 1398w\" sizes=\"(max-width:767px) 480px, 716px\" \/><\/a>\n\t\t\t\t<\/dt><\/div><\/dl><br style=\"clear: both\" \/><dl class='gallery-item'  data-title='21,2Jahre_Back' data-description=''><div class='gallery-item-wrapper'>\n\t\t\t\t<dt class='gallery-icon portrait'>\n\t\t\t\t\t<a href='https:\/\/art.isabellekirsch.de\/wp-content\/uploads\/2021\/11\/212Jahre_Back.jpg'><img decoding=\"async\" width=\"741\" height=\"1024\" src=\"https:\/\/art.isabellekirsch.de\/wp-content\/uploads\/2021\/11\/212Jahre_Back-741x1024.jpg\" class=\"attachment-large size-large\" alt=\"\" srcset=\"https:\/\/art.isabellekirsch.de\/wp-content\/uploads\/2021\/11\/212Jahre_Back-741x1024.jpg 741w, https:\/\/art.isabellekirsch.de\/wp-content\/uploads\/2021\/11\/212Jahre_Back-217x300.jpg 217w, https:\/\/art.isabellekirsch.de\/wp-content\/uploads\/2021\/11\/212Jahre_Back-768x1061.jpg 768w, https:\/\/art.isabellekirsch.de\/wp-content\/uploads\/2021\/11\/212Jahre_Back-1112x1536.jpg 1112w, https:\/\/art.isabellekirsch.de\/wp-content\/uploads\/2021\/11\/212Jahre_Back-106x146.jpg 106w, https:\/\/art.isabellekirsch.de\/wp-content\/uploads\/2021\/11\/212Jahre_Back-36x50.jpg 36w, https:\/\/art.isabellekirsch.de\/wp-content\/uploads\/2021\/11\/212Jahre_Back-54x75.jpg 54w, https:\/\/art.isabellekirsch.de\/wp-content\/uploads\/2021\/11\/212Jahre_Back.jpg 1448w\" sizes=\"(max-width:767px) 480px, 741px\" \/><\/a>\n\t\t\t\t<\/dt><\/div><\/dl><br style=\"clear: both\" \/>\n\t\t\t<\/div>\n\t\t\t\t<\/div>\n\t\t\t\t<\/div>\n\t\t\t\t\t<\/div>\n\t\t<\/div>\n\t\t\t\t\t<\/div>\n\t\t<\/section>\n\t\t\t\t<section class=\"elementor-section elementor-top-section elementor-element elementor-element-d3f0514 elementor-section-boxed elementor-section-height-default elementor-section-height-default\" data-id=\"d3f0514\" data-element_type=\"section\" data-e-type=\"section\">\n\t\t\t\t\t\t<div class=\"elementor-container elementor-column-gap-default\">\n\t\t\t\t\t<div class=\"elementor-column elementor-col-100 elementor-top-column elementor-element elementor-element-d8865ad\" data-id=\"d8865ad\" data-element_type=\"column\" data-e-type=\"column\">\n\t\t\t<div class=\"elementor-widget-wrap elementor-element-populated\">\n\t\t\t\t\t\t<div class=\"elementor-element elementor-element-37fd936 elementor-icon-list--layout-traditional elementor-list-item-link-full_width elementor-widget elementor-widget-icon-list\" data-id=\"37fd936\" data-element_type=\"widget\" data-e-type=\"widget\" data-widget_type=\"icon-list.default\">\n\t\t\t\t<div class=\"elementor-widget-container\">\n\t\t\t\t\t\t\t<ul class=\"elementor-icon-list-items\">\n\t\t\t\t\t\t\t<li class=\"elementor-icon-list-item\">\n\t\t\t\t\t\t\t\t\t\t\t<span class=\"elementor-icon-list-icon\">\n\t\t\t\t\t\t\t<i aria-hidden=\"true\" class=\"far fa-circle\"><\/i>\t\t\t\t\t\t<\/span>\n\t\t\t\t\t\t\t\t\t\t<span class=\"elementor-icon-list-text\">21,2 Jahre<\/span>\n\t\t\t\t\t\t\t\t\t<\/li>\n\t\t\t\t\t\t\t\t<li class=\"elementor-icon-list-item\">\n\t\t\t\t\t\t\t\t\t\t\t<span class=\"elementor-icon-list-icon\">\n\t\t\t\t\t\t\t<i aria-hidden=\"true\" class=\"fas fa-calendar\"><\/i>\t\t\t\t\t\t<\/span>\n\t\t\t\t\t\t\t\t\t\t<span class=\"elementor-icon-list-text\">2017<\/span>\n\t\t\t\t\t\t\t\t\t<\/li>\n\t\t\t\t\t\t\t\t<li class=\"elementor-icon-list-item\">\n\t\t\t\t\t\t\t\t\t\t\t<span class=\"elementor-icon-list-icon\">\n\t\t\t\t\t\t\t<i aria-hidden=\"true\" class=\"fas fa-th-large\"><\/i>\t\t\t\t\t\t<\/span>\n\t\t\t\t\t\t\t\t\t\t<span class=\"elementor-icon-list-text\">Fichte, Kunststoff, Papier<\/span>\n\t\t\t\t\t\t\t\t\t<\/li>\n\t\t\t\t\t\t<\/ul>\n\t\t\t\t\t\t<\/div>\n\t\t\t\t<\/div>\n\t\t\t\t\t<\/div>\n\t\t<\/div>\n\t\t\t\t\t<\/div>\n\t\t<\/section>\n\t\t\t\t<section class=\"elementor-section elementor-top-section elementor-element elementor-element-8e6b9e5 elementor-section-boxed elementor-section-height-default elementor-section-height-default\" data-id=\"8e6b9e5\" data-element_type=\"section\" data-e-type=\"section\">\n\t\t\t\t\t\t<div class=\"elementor-container elementor-column-gap-default\">\n\t\t\t\t\t<div class=\"elementor-column elementor-col-33 elementor-top-column elementor-element elementor-element-6f76d98\" data-id=\"6f76d98\" data-element_type=\"column\" data-e-type=\"column\">\n\t\t\t<div class=\"elementor-widget-wrap\">\n\t\t\t\t\t\t\t<\/div>\n\t\t<\/div>\n\t\t\t\t<div class=\"elementor-column elementor-col-33 elementor-top-column elementor-element elementor-element-81ac48c\" data-id=\"81ac48c\" data-element_type=\"column\" data-e-type=\"column\">\n\t\t\t<div class=\"elementor-widget-wrap elementor-element-populated\">\n\t\t\t\t\t\t<div class=\"elementor-element elementor-element-ec19c91 elementor-widget elementor-widget-text-editor\" data-id=\"ec19c91\" data-element_type=\"widget\" data-e-type=\"widget\" data-widget_type=\"text-editor.default\">\n\t\t\t\t<div class=\"elementor-widget-container\">\n\t\t\t\t\t\t\t\t\t<p>&#8222;Ein solche Ausdauer hatte Leif Kullman Fichten bislang nicht zugetraut. Viele Jahre habe man gedacht, Fichten gebe es erst seit relativ kurzer Zeit in den schwedischen Bergen, sagte der Forscher von der Universit\u00e4t Ume\u00e5. Aber der Fund eines<strong> 9550 Jahren<\/strong> Nadelbaumes am Fuluberg im mittelschwedischen Bezirk Dalarna belehrte ihn eines Besseren. &#8222;Unsere Untersuchungen zeigen, dass die Fichten zu den \u00e4ltesten in den Bergen ans\u00e4ssigen B\u00e4umen geh\u00f6ren.&#8220; &#8222;(Quelle: hda\/dpa: <span class=\"font-brandUI font-extrabold lg:text-7xl md:text-5xl sm:text-4xl leading-tight\"><span class=\"align-middle\">Schwedische Fichte stellt Alters-Weltrekord auf, URL: <\/span><\/span>https:\/\/www.spiegel.de\/wissenschaft\/natur\/9550-jahre-alt-schwedische-fichte-stellt-alters-weltrekord-auf-a-547973.html, Zugriff: 29.11.2021)<\/p>\t\t\t\t\t\t\t\t<\/div>\n\t\t\t\t<\/div>\n\t\t\t\t\t<\/div>\n\t\t<\/div>\n\t\t\t\t<div class=\"elementor-column elementor-col-33 elementor-top-column elementor-element elementor-element-e986a00\" data-id=\"e986a00\" data-element_type=\"column\" data-e-type=\"column\">\n\t\t\t<div class=\"elementor-widget-wrap elementor-element-populated\">\n\t\t\t\t\t\t<div class=\"elementor-element elementor-element-e5c12a2 elementor-widget elementor-widget-text-editor\" data-id=\"e5c12a2\" data-element_type=\"widget\" data-e-type=\"widget\" data-widget_type=\"text-editor.default\">\n\t\t\t\t<div class=\"elementor-widget-container\">\n\t\t\t\t\t\t\t\t\t<p>&#8222;<strong>450 Jahre<\/strong> bis zur Zersetzung &#8211; Plastikm\u00fcll gef\u00e4hrdet lange Mensch und Tier &#8230; Ist das Plastik erst einmal im Wasser, bleibt es dort f\u00fcr lange Zeit. Denn Plastik wird nicht abgebaut, es muss vielmehr langwierig von Wind und Wellen zermahlen werden. Bei einer Plastikt\u00e4te dauert das bis zu 20 Jahre, bei einem Becher sogar bis zu 50 Jahre. Besonders lange halten sich Plastikflaschen, die mitunter erst nach 450 Jahren zerkleinert sind.&#8220; (Quelle: Christoph Rottwilm:\u00a0<span class=\"font-brandUI font-extrabold lg:text-7xl md:text-5xl sm:text-4xl leading-tight\"><span class=\"align-middle\">Die zehn wichtigsten Fakten zur Plastik-Plage, URL: <\/span><\/span>https:\/\/www.manager-magazin.de\/unternehmen\/artikel\/plastik-die-zehn-wichtigsten-fakten-zur-plastik-plage-a-1207612.html, Zugriff: 29.11.2021)<\/p><p>\u00a0<\/p>\t\t\t\t\t\t\t\t<\/div>\n\t\t\t\t<\/div>\n\t\t\t\t\t<\/div>\n\t\t<\/div>\n\t\t\t\t\t<\/div>\n\t\t<\/section>\n\t\t\t\t<section class=\"elementor-section elementor-top-section elementor-element elementor-element-2fe21a0 elementor-section-boxed elementor-section-height-default elementor-section-height-default\" data-id=\"2fe21a0\" data-element_type=\"section\" data-e-type=\"section\">\n\t\t\t\t\t\t<div class=\"elementor-container elementor-column-gap-default\">\n\t\t\t\t\t<div class=\"elementor-column elementor-col-100 elementor-top-column elementor-element elementor-element-2677478\" data-id=\"2677478\" data-element_type=\"column\" data-e-type=\"column\">\n\t\t\t<div class=\"elementor-widget-wrap\">\n\t\t\t\t\t\t\t<\/div>\n\t\t<\/div>\n\t\t\t\t\t<\/div>\n\t\t<\/section>\n\t\t\t\t<section class=\"elementor-section elementor-top-section elementor-element elementor-element-905ea64 elementor-section-boxed elementor-section-height-default elementor-section-height-default\" data-id=\"905ea64\" data-element_type=\"section\" data-e-type=\"section\">\n\t\t\t\t\t\t<div class=\"elementor-container elementor-column-gap-default\">\n\t\t\t\t\t<div class=\"elementor-column elementor-col-100 elementor-top-column elementor-element elementor-element-ed09fc7\" data-id=\"ed09fc7\" data-element_type=\"column\" data-e-type=\"column\">\n\t\t\t<div class=\"elementor-widget-wrap elementor-element-populated\">\n\t\t\t\t\t\t<div class=\"elementor-element elementor-element-90563dd elementor-widget elementor-widget-text-editor\" data-id=\"90563dd\" data-element_type=\"widget\" data-e-type=\"widget\" data-widget_type=\"text-editor.default\">\n\t\t\t\t<div class=\"elementor-widget-container\">\n\t\t\t\t\t\t\t\t\t<p><em>Bilder: Isabelle Kirsch, 2017<\/em><\/p>\t\t\t\t\t\t\t\t<\/div>\n\t\t\t\t<\/div>\n\t\t\t\t\t<\/div>\n\t\t<\/div>\n\t\t\t\t\t<\/div>\n\t\t<\/section>\n\t\t\t\t<\/div>\n\t\t","protected":false},"excerpt":{"rendered":"<p>2017 \/\/ Fichte, Kunststoff, Papier<\/p>\n","protected":false},"author":1,"featured_media":961,"menu_order":0,"comment_status":"closed","ping_status":"closed","template":"","meta":[],"portfolio-types":[],"class_list":["post-959","portfolio","type-portfolio","status-publish","has-post-thumbnail","hentry"],"yoast_head":"<!-- This site is optimized with the Yoast SEO plugin v27.0 - https:\/\/yoast.com\/product\/yoast-seo-wordpress\/ -->\n<title>21,2 Jahre - Isabelle Kirsch ART<\/title>\n<meta name=\"robots\" content=\"index, follow, max-snippet:-1, max-image-preview:large, max-video-preview:-1\" \/>\n<link rel=\"canonical\" href=\"https:\/\/art.isabellekirsch.de\/index.php\/portfolio-item\/212-jahre\/\" \/>\n<meta property=\"og:locale\" content=\"de_DE\" \/>\n<meta property=\"og:type\" content=\"article\" \/>\n<meta property=\"og:title\" content=\"21,2 Jahre - Isabelle Kirsch ART\" \/>\n<meta property=\"og:description\" content=\"2017 \/\/ Fichte, Kunststoff, Papier\" \/>\n<meta property=\"og:url\" content=\"https:\/\/art.isabellekirsch.de\/index.php\/portfolio-item\/212-jahre\/\" \/>\n<meta property=\"og:site_name\" content=\"Isabelle Kirsch ART\" \/>\n<meta property=\"article:modified_time\" content=\"2021-12-03T09:45:38+00:00\" \/>\n<meta property=\"og:image\" content=\"https:\/\/art.isabellekirsch.de\/wp-content\/uploads\/2021\/11\/212Jahre_Front-716x1024.jpg\" \/>\n\t<meta property=\"og:image:width\" content=\"716\" \/>\n\t<meta property=\"og:image:height\" content=\"1024\" \/>\n\t<meta property=\"og:image:type\" content=\"image\/jpeg\" \/>\n<meta name=\"twitter:card\" content=\"summary_large_image\" \/>\n<meta name=\"twitter:label1\" content=\"Gesch\u00e4tzte Lesezeit\" \/>\n\t<meta name=\"twitter:data1\" content=\"1\u00a0Minute\" \/>\n<script type=\"application\/ld+json\" class=\"yoast-schema-graph\">{\"@context\":\"https:\/\/schema.org\",\"@graph\":[{\"@type\":\"WebPage\",\"@id\":\"https:\/\/art.isabellekirsch.de\/index.php\/portfolio-item\/212-jahre\/\",\"url\":\"https:\/\/art.isabellekirsch.de\/index.php\/portfolio-item\/212-jahre\/\",\"name\":\"21,2 Jahre - Isabelle Kirsch ART\",\"isPartOf\":{\"@id\":\"https:\/\/art.isabellekirsch.de\/#website\"},\"primaryImageOfPage\":{\"@id\":\"https:\/\/art.isabellekirsch.de\/index.php\/portfolio-item\/212-jahre\/#primaryimage\"},\"image\":{\"@id\":\"https:\/\/art.isabellekirsch.de\/index.php\/portfolio-item\/212-jahre\/#primaryimage\"},\"thumbnailUrl\":\"https:\/\/art.isabellekirsch.de\/wp-content\/uploads\/2021\/11\/212Jahre_Front.jpg\",\"datePublished\":\"2017-10-27T14:51:00+00:00\",\"dateModified\":\"2021-12-03T09:45:38+00:00\",\"breadcrumb\":{\"@id\":\"https:\/\/art.isabellekirsch.de\/index.php\/portfolio-item\/212-jahre\/#breadcrumb\"},\"inLanguage\":\"de\",\"potentialAction\":[{\"@type\":\"ReadAction\",\"target\":[\"https:\/\/art.isabellekirsch.de\/index.php\/portfolio-item\/212-jahre\/\"]}]},{\"@type\":\"ImageObject\",\"inLanguage\":\"de\",\"@id\":\"https:\/\/art.isabellekirsch.de\/index.php\/portfolio-item\/212-jahre\/#primaryimage\",\"url\":\"https:\/\/art.isabellekirsch.de\/wp-content\/uploads\/2021\/11\/212Jahre_Front.jpg\",\"contentUrl\":\"https:\/\/art.isabellekirsch.de\/wp-content\/uploads\/2021\/11\/212Jahre_Front.jpg\",\"width\":1398,\"height\":2000},{\"@type\":\"BreadcrumbList\",\"@id\":\"https:\/\/art.isabellekirsch.de\/index.php\/portfolio-item\/212-jahre\/#breadcrumb\",\"itemListElement\":[{\"@type\":\"ListItem\",\"position\":1,\"name\":\"Startseite\",\"item\":\"https:\/\/art.isabellekirsch.de\/\"},{\"@type\":\"ListItem\",\"position\":2,\"name\":\"21,2 Jahre\"}]},{\"@type\":\"WebSite\",\"@id\":\"https:\/\/art.isabellekirsch.de\/#website\",\"url\":\"https:\/\/art.isabellekirsch.de\/\",\"name\":\"Isabelle Kirsch ART\",\"description\":\"Lichtinstallationen. Fotografie, Projektion\u2026\",\"potentialAction\":[{\"@type\":\"SearchAction\",\"target\":{\"@type\":\"EntryPoint\",\"urlTemplate\":\"https:\/\/art.isabellekirsch.de\/?s={search_term_string}\"},\"query-input\":{\"@type\":\"PropertyValueSpecification\",\"valueRequired\":true,\"valueName\":\"search_term_string\"}}],\"inLanguage\":\"de\"}]}<\/script>\n<!-- \/ Yoast SEO plugin. -->","yoast_head_json":{"title":"21,2 Jahre - Isabelle Kirsch ART","robots":{"index":"index","follow":"follow","max-snippet":"max-snippet:-1","max-image-preview":"max-image-preview:large","max-video-preview":"max-video-preview:-1"},"canonical":"https:\/\/art.isabellekirsch.de\/index.php\/portfolio-item\/212-jahre\/","og_locale":"de_DE","og_type":"article","og_title":"21,2 Jahre - Isabelle Kirsch ART","og_description":"2017 \/\/ Fichte, Kunststoff, Papier","og_url":"https:\/\/art.isabellekirsch.de\/index.php\/portfolio-item\/212-jahre\/","og_site_name":"Isabelle Kirsch ART","article_modified_time":"2021-12-03T09:45:38+00:00","og_image":[{"width":716,"height":1024,"url":"https:\/\/art.isabellekirsch.de\/wp-content\/uploads\/2021\/11\/212Jahre_Front-716x1024.jpg","type":"image\/jpeg"}],"twitter_card":"summary_large_image","twitter_misc":{"Gesch\u00e4tzte Lesezeit":"1\u00a0Minute"},"schema":{"@context":"https:\/\/schema.org","@graph":[{"@type":"WebPage","@id":"https:\/\/art.isabellekirsch.de\/index.php\/portfolio-item\/212-jahre\/","url":"https:\/\/art.isabellekirsch.de\/index.php\/portfolio-item\/212-jahre\/","name":"21,2 Jahre - Isabelle Kirsch ART","isPartOf":{"@id":"https:\/\/art.isabellekirsch.de\/#website"},"primaryImageOfPage":{"@id":"https:\/\/art.isabellekirsch.de\/index.php\/portfolio-item\/212-jahre\/#primaryimage"},"image":{"@id":"https:\/\/art.isabellekirsch.de\/index.php\/portfolio-item\/212-jahre\/#primaryimage"},"thumbnailUrl":"https:\/\/art.isabellekirsch.de\/wp-content\/uploads\/2021\/11\/212Jahre_Front.jpg","datePublished":"2017-10-27T14:51:00+00:00","dateModified":"2021-12-03T09:45:38+00:00","breadcrumb":{"@id":"https:\/\/art.isabellekirsch.de\/index.php\/portfolio-item\/212-jahre\/#breadcrumb"},"inLanguage":"de","potentialAction":[{"@type":"ReadAction","target":["https:\/\/art.isabellekirsch.de\/index.php\/portfolio-item\/212-jahre\/"]}]},{"@type":"ImageObject","inLanguage":"de","@id":"https:\/\/art.isabellekirsch.de\/index.php\/portfolio-item\/212-jahre\/#primaryimage","url":"https:\/\/art.isabellekirsch.de\/wp-content\/uploads\/2021\/11\/212Jahre_Front.jpg","contentUrl":"https:\/\/art.isabellekirsch.de\/wp-content\/uploads\/2021\/11\/212Jahre_Front.jpg","width":1398,"height":2000},{"@type":"BreadcrumbList","@id":"https:\/\/art.isabellekirsch.de\/index.php\/portfolio-item\/212-jahre\/#breadcrumb","itemListElement":[{"@type":"ListItem","position":1,"name":"Startseite","item":"https:\/\/art.isabellekirsch.de\/"},{"@type":"ListItem","position":2,"name":"21,2 Jahre"}]},{"@type":"WebSite","@id":"https:\/\/art.isabellekirsch.de\/#website","url":"https:\/\/art.isabellekirsch.de\/","name":"Isabelle Kirsch ART","description":"Lichtinstallationen. Fotografie, Projektion\u2026","potentialAction":[{"@type":"SearchAction","target":{"@type":"EntryPoint","urlTemplate":"https:\/\/art.isabellekirsch.de\/?s={search_term_string}"},"query-input":{"@type":"PropertyValueSpecification","valueRequired":true,"valueName":"search_term_string"}}],"inLanguage":"de"}]}},"_links":{"self":[{"href":"https:\/\/art.isabellekirsch.de\/index.php\/wp-json\/wp\/v2\/portfolio\/959","targetHints":{"allow":["GET"]}}],"collection":[{"href":"https:\/\/art.isabellekirsch.de\/index.php\/wp-json\/wp\/v2\/portfolio"}],"about":[{"href":"https:\/\/art.isabellekirsch.de\/index.php\/wp-json\/wp\/v2\/types\/portfolio"}],"author":[{"embeddable":true,"href":"https:\/\/art.isabellekirsch.de\/index.php\/wp-json\/wp\/v2\/users\/1"}],"replies":[{"embeddable":true,"href":"https:\/\/art.isabellekirsch.de\/index.php\/wp-json\/wp\/v2\/comments?post=959"}],"version-history":[{"count":16,"href":"https:\/\/art.isabellekirsch.de\/index.php\/wp-json\/wp\/v2\/portfolio\/959\/revisions"}],"predecessor-version":[{"id":1125,"href":"https:\/\/art.isabellekirsch.de\/index.php\/wp-json\/wp\/v2\/portfolio\/959\/revisions\/1125"}],"wp:featuredmedia":[{"embeddable":true,"href":"https:\/\/art.isabellekirsch.de\/index.php\/wp-json\/wp\/v2\/media\/961"}],"wp:attachment":[{"href":"https:\/\/art.isabellekirsch.de\/index.php\/wp-json\/wp\/v2\/media?parent=959"}],"wp:term":[{"taxonomy":"portfolio-types","embeddable":true,"href":"https:\/\/art.isabellekirsch.de\/index.php\/wp-json\/wp\/v2\/portfolio-types?post=959"}],"curies":[{"name":"wp","href":"https:\/\/api.w.org\/{rel}","templated":true}]}}